{"id":248,"date":"2025-06-20T10:47:38","date_gmt":"2025-06-20T08:47:38","guid":{"rendered":"https:\/\/dev.europegoeslocal.eu\/?page_id=248"},"modified":"2026-03-25T10:03:24","modified_gmt":"2026-03-25T09:03:24","slug":"youth-work-policy","status":"publish","type":"page","link":"https:\/\/dev.europegoeslocal.eu\/de\/chapters\/youth-work-policy\/","title":{"rendered":"Jugendarbeitspolitik"},"content":{"rendered":"<div data-elementor-type=\"wp-page\" data-elementor-id=\"248\" class=\"elementor elementor-248\" data-elementor-post-type=\"page\">\n\t\t\t\t<div class=\"elementor-element elementor-element-4b194ef e-grid e-con-boxed e-con e-parent\" data-id=\"4b194ef\" data-element_type=\"container\" data-e-type=\"container\">\n\t\t\t\t\t<div class=\"e-con-inner\">\n\t\t\t\t<div class=\"elementor-element elementor-element-46ac7831 elementor-widget elementor-widget-button\" data-id=\"46ac7831\" data-element_type=\"widget\" data-e-type=\"widget\" data-widget_type=\"button.default\">\n\t\t\t\t\t\t\t\t\t\t<a class=\"elementor-button elementor-button-link elementor-size-sm\" href=\"https:\/\/dev.europegoeslocal.eu\/de\/core-principles-of-youth-work\/\">\n\t\t\t\t\t\t<span class=\"elementor-button-content-wrapper\">\n\t\t\t\t\t\t\t\t\t<span class=\"elementor-button-text\">Grundprinzipien der Jugendarbeit<\/span>\n\t\t\t\t\t<\/span>\n\t\t\t\t\t<\/a>\n\t\t\t\t\t\t\t\t<\/div>\n\t\t\t\t<div class=\"elementor-element elementor-element-27945a28 elementor-widget elementor-widget-button\" data-id=\"27945a28\" data-element_type=\"widget\" data-e-type=\"widget\" data-widget_type=\"button.default\">\n\t\t\t\t\t\t\t\t\t\t<a class=\"elementor-button elementor-button-link elementor-size-sm\" href=\"https:\/\/dev.europegoeslocal.eu\/de\/youth-work-policy\/\">\n\t\t\t\t\t\t<span class=\"elementor-button-content-wrapper\">\n\t\t\t\t\t\t\t\t\t<span class=\"elementor-button-text\">Jugendarbeitspolitik<\/span>\n\t\t\t\t\t<\/span>\n\t\t\t\t\t<\/a>\n\t\t\t\t\t\t\t\t<\/div>\n\t\t\t\t<div class=\"elementor-element elementor-element-7b6fddb9 elementor-widget elementor-widget-button\" data-id=\"7b6fddb9\" data-element_type=\"widget\" data-e-type=\"widget\" data-widget_type=\"button.default\">\n\t\t\t\t\t\t\t\t\t\t<a class=\"elementor-button elementor-button-link elementor-size-sm\" href=\"https:\/\/dev.europegoeslocal.eu\/de\/organisation-practice\/\">\n\t\t\t\t\t\t<span class=\"elementor-button-content-wrapper\">\n\t\t\t\t\t\t\t\t\t<span class=\"elementor-button-text\">Organisation &amp; Praxis<\/span>\n\t\t\t\t\t<\/span>\n\t\t\t\t\t<\/a>\n\t\t\t\t\t\t\t\t<\/div>\n\t\t\t\t<div class=\"elementor-element elementor-element-19ad6a56 elementor-widget elementor-widget-button\" data-id=\"19ad6a56\" data-element_type=\"widget\" data-e-type=\"widget\" data-widget_type=\"button.default\">\n\t\t\t\t\t\t\t\t\t\t<a class=\"elementor-button elementor-button-link elementor-size-sm\" href=\"https:\/\/dev.europegoeslocal.eu\/de\/youth-workers\/\">\n\t\t\t\t\t\t<span class=\"elementor-button-content-wrapper\">\n\t\t\t\t\t\t\t\t\t<span class=\"elementor-button-text\">Jugendbesch\u00e4ftigte<\/span>\n\t\t\t\t\t<\/span>\n\t\t\t\t\t<\/a>\n\t\t\t\t\t\t\t\t<\/div>\n\t\t\t\t<div class=\"elementor-element elementor-element-72bd2a17 elementor-widget elementor-widget-button\" data-id=\"72bd2a17\" data-element_type=\"widget\" data-e-type=\"widget\" data-widget_type=\"button.default\">\n\t\t\t\t\t\t\t\t\t\t<a class=\"elementor-button elementor-button-link elementor-size-sm\" href=\"https:\/\/dev.europegoeslocal.eu\/de\/quality-development\/\">\n\t\t\t\t\t\t<span class=\"elementor-button-content-wrapper\">\n\t\t\t\t\t\t\t\t\t<span class=\"elementor-button-text\">Qualit\u00e4tsentwicklung<\/span>\n\t\t\t\t\t<\/span>\n\t\t\t\t\t<\/a>\n\t\t\t\t\t\t\t\t<\/div>\n\t\t\t\t\t<\/div>\n\t\t\t\t<\/div>\n\t\t<div class=\"elementor-element elementor-element-26e111b3 e-flex e-con-boxed e-con e-parent\" data-id=\"26e111b3\" data-element_type=\"container\" data-e-type=\"container\">\n\t\t\t\t\t<div class=\"e-con-inner\">\n\t\t\t\t<div class=\"elementor-element elementor-element-13e5f853 elementor-widget elementor-widget-video\" data-id=\"13e5f853\" data-element_type=\"widget\" data-e-type=\"widget\" data-settings=\"{&quot;youtube_url&quot;:&quot;https:\\\/\\\/www.youtube.com\\\/watch?v=XHOmBV4js_E&quot;,&quot;video_type&quot;:&quot;youtube&quot;,&quot;controls&quot;:&quot;yes&quot;}\" data-widget_type=\"video.default\">\n\t\t\t\t\t\t\t<div class=\"elementor-wrapper elementor-open-inline\">\n\t\t\t<div class=\"elementor-video\"><\/div>\t\t<\/div>\n\t\t\t\t\t\t<\/div>\n\t\t\t\t<div class=\"elementor-element elementor-element-e989b7e elementor-widget elementor-widget-text-editor\" data-id=\"e989b7e\" data-element_type=\"widget\" data-e-type=\"widget\" data-widget_type=\"text-editor.default\">\n\t\t\t\t\t\t\t\t\t<p><strong><span class=\"TextRun SCXW258100194 BCX0\" lang=\"EN-GB\" xml:lang=\"EN-GB\" data-contrast=\"auto\"><span class=\"NormalTextRun SCXW258100194 BCX0\">Beginnen Sie mit dem Anschauen der Vide<\/span><span class=\"NormalTextRun SCXW258100194 BCX0\">o<\/span><span class=\"NormalTextRun SCXW258100194 BCX0\"> oder <\/span><span class=\"NormalTextRun SCXW258100194 BCX0\">Lesen Sie den Text <\/span><\/span><a href=\"#introduction\"><span class=\"TextRun Underlined SCXW258100194 BCX0\" lang=\"EN-GB\" xml:lang=\"EN-GB\" data-contrast=\"auto\"><span class=\"NormalTextRun SCXW258100194 BCX0\">hier<\/span><\/span><\/a><span class=\"TextRun SCXW258100194 BCX0\" lang=\"EN-GB\" xml:lang=\"EN-GB\" data-contrast=\"auto\"><span class=\"NormalTextRun SCXW258100194 BCX0\">!<br \/>Sie k\u00f6nnen den Text auch als PDF herunterladen <a href=\"https:\/\/dev.europegoeslocal.eu\/wp-content\/uploads\/2026\/03\/Introduction-Policy.pdf\" target=\"_blank\" rel=\"noopener\">hier<\/a>.<br \/><\/span><\/span><\/strong><\/p>\t\t\t\t\t\t\t\t<\/div>\n\t\t\t\t\t<\/div>\n\t\t\t\t<\/div>\n\t\t<div class=\"elementor-element elementor-element-1844a8d8 e-flex e-con-boxed e-con e-parent\" data-id=\"1844a8d8\" data-element_type=\"container\" data-e-type=\"container\" data-settings=\"{&quot;background_background&quot;:&quot;classic&quot;}\">\n\t\t\t\t\t<div class=\"e-con-inner\">\n\t\t<div class=\"elementor-element elementor-element-53c8f0b8 e-con-full e-flex e-con e-child\" data-id=\"53c8f0b8\" data-element_type=\"container\" data-e-type=\"container\">\n\t\t\t\t<div class=\"elementor-element elementor-element-e176a24 elementor-widget elementor-widget-heading\" data-id=\"e176a24\" data-element_type=\"widget\" data-e-type=\"widget\" data-widget_type=\"heading.default\">\n\t\t\t\t\t<h1 class=\"elementor-heading-title elementor-size-default\">Jugendarbeitspolitik<\/h1>\t\t\t\t<\/div>\n\t\t\t\t<div class=\"elementor-element elementor-element-217ce4a1 elementor-widget elementor-widget-text-editor\" data-id=\"217ce4a1\" data-element_type=\"widget\" data-e-type=\"widget\" data-widget_type=\"text-editor.default\">\n\t\t\t\t\t\t\t\t\t<p>Die Praxis der Jugendarbeit muss von einer Jugendarbeitspolitik geleitet werden, die ...<\/p>\t\t\t\t\t\t\t\t<\/div>\n\t\t\t\t<div class=\"elementor-element elementor-element-46cb1642 elementor-grid-2 elementor-grid-tablet-2 elementor-grid-mobile-1 elementor-widget elementor-widget-loop-grid\" data-id=\"46cb1642\" data-element_type=\"widget\" data-e-type=\"widget\" data-settings=\"{&quot;template_id&quot;:&quot;268&quot;,&quot;columns&quot;:2,&quot;_skin&quot;:&quot;post&quot;,&quot;columns_tablet&quot;:&quot;2&quot;,&quot;columns_mobile&quot;:&quot;1&quot;,&quot;edit_handle_selector&quot;:&quot;[data-elementor-type=\\&quot;loop-item\\&quot;]&quot;,&quot;row_gap&quot;:{&quot;unit&quot;:&quot;px&quot;,&quot;size&quot;:&quot;&quot;,&quot;sizes&quot;:[]},&quot;row_gap_tablet&quot;:{&quot;unit&quot;:&quot;px&quot;,&quot;size&quot;:&quot;&quot;,&quot;sizes&quot;:[]},&quot;row_gap_mobile&quot;:{&quot;unit&quot;:&quot;px&quot;,&quot;size&quot;:&quot;&quot;,&quot;sizes&quot;:[]}}\" data-widget_type=\"loop-grid.post\">\n\t\t\t\t<div class=\"elementor-widget-container\">\n\t\t\t\t\t\t\t<div class=\"elementor-loop-container elementor-grid\" role=\"list\">\n\t\t<style id=\"loop-268\">.elementor-268 .elementor-element.elementor-element-8fe8e8d{--display:flex;--justify-content:center;border-style:solid;--border-style:solid;border-width:1px 1px 1px 1px;--border-top-width:1px;--border-right-width:1px;--border-bottom-width:1px;--border-left-width:1px;border-color:#FFFFFF;--border-color:#FFFFFF;--padding-top:10px;--padding-bottom:10px;--padding-left:10px;--padding-right:10px;}.elementor-widget-theme-post-title .elementor-heading-title{font-family:var( --e-global-typography-primary-font-family ), Sans-serif;font-weight:var( --e-global-typography-primary-font-weight );color:var( --e-global-color-primary );}.elementor-268 .elementor-element.elementor-element-89d3300 .elementor-heading-title{font-family:\"europa\", Sans-serif;font-size:18px;font-weight:700;text-decoration:none;color:#FFFFFF;}<\/style>\t\t<div data-elementor-type=\"loop-item\" data-elementor-id=\"268\" class=\"elementor elementor-268 e-loop-item e-loop-item-411 post-411 bulletpoint type-bulletpoint status-publish hentry category-youth-work-policy\" data-elementor-post-type=\"elementor_library\" data-custom-edit-handle=\"1\">\n\t\t\t<a class=\"elementor-element elementor-element-8fe8e8d e-flex e-con-boxed e-con e-parent\" data-id=\"8fe8e8d\" data-element_type=\"container\" data-e-type=\"container\" href=\"https:\/\/dev.europegoeslocal.eu\/de\/bulletpoint\/is-developed-within-the-framework-of-and-in-compliance-with-the-core-principles-stated-above\/\">\n\t\t\t\t\t<div class=\"e-con-inner\">\n\t\t\t\t<div class=\"elementor-element elementor-element-89d3300 elementor-widget elementor-widget-theme-post-title elementor-page-title elementor-widget-heading\" data-id=\"89d3300\" data-element_type=\"widget\" data-e-type=\"widget\" data-widget_type=\"theme-post-title.default\">\n\t\t\t\t\t<h3 class=\"elementor-heading-title elementor-size-default\">wird im Rahmen und in \u00dcbereinstimmung mit den oben genannten Grundprinzipien entwickelt.<\/h3>\t\t\t\t<\/div>\n\t\t\t\t\t<\/div>\n\t\t\t\t<\/a>\n\t\t\t\t<\/div>\n\t\t\t\t<div data-elementor-type=\"loop-item\" data-elementor-id=\"268\" class=\"elementor elementor-268 e-loop-item e-loop-item-418 post-418 bulletpoint type-bulletpoint status-publish hentry category-youth-work-policy\" data-elementor-post-type=\"elementor_library\" data-custom-edit-handle=\"1\">\n\t\t\t<a class=\"elementor-element elementor-element-8fe8e8d e-flex e-con-boxed e-con e-parent\" data-id=\"8fe8e8d\" data-element_type=\"container\" data-e-type=\"container\" href=\"https:\/\/dev.europegoeslocal.eu\/de\/bulletpoint\/is-developed-in-cooperation-between-all-relevant-stakeholders-including-young-people-having-clear-roles-and-mandates-and-being-engaged-in-all-stages-of-the-process\/\">\n\t\t\t\t\t<div class=\"e-con-inner\">\n\t\t\t\t<div class=\"elementor-element elementor-element-89d3300 elementor-widget elementor-widget-theme-post-title elementor-page-title elementor-widget-heading\" data-id=\"89d3300\" data-element_type=\"widget\" data-e-type=\"widget\" data-widget_type=\"theme-post-title.default\">\n\t\t\t\t\t<h3 class=\"elementor-heading-title elementor-size-default\">wird in Zusammenarbeit zwischen allen einschl\u00e4gigen Interessentr\u00e4gern, einschlie\u00dflich junger Menschen, entwickelt, hat klare Rollen und Mandate und wird in allen Phasen des Prozesses einbezogen.<\/h3>\t\t\t\t<\/div>\n\t\t\t\t\t<\/div>\n\t\t\t\t<\/a>\n\t\t\t\t<\/div>\n\t\t\t\t<div data-elementor-type=\"loop-item\" data-elementor-id=\"268\" class=\"elementor elementor-268 e-loop-item e-loop-item-419 post-419 bulletpoint type-bulletpoint status-publish hentry category-youth-work-policy\" data-elementor-post-type=\"elementor_library\" data-custom-edit-handle=\"1\">\n\t\t\t<a class=\"elementor-element elementor-element-8fe8e8d e-flex e-con-boxed e-con e-parent\" data-id=\"8fe8e8d\" data-element_type=\"container\" data-e-type=\"container\" href=\"https:\/\/dev.europegoeslocal.eu\/de\/bulletpoint\/is-developed-on-the-basis-of-relevant-and-updated-knowledge-on-young-peoples-needs-rights-and-interests-as-well-as-on-new-research-and-the-different-forms-and-methods-of-youth-work-that-can\/\">\n\t\t\t\t\t<div class=\"e-con-inner\">\n\t\t\t\t<div class=\"elementor-element elementor-element-89d3300 elementor-widget elementor-widget-theme-post-title elementor-page-title elementor-widget-heading\" data-id=\"89d3300\" data-element_type=\"widget\" data-e-type=\"widget\" data-widget_type=\"theme-post-title.default\">\n\t\t\t\t\t<h3 class=\"elementor-heading-title elementor-size-default\">auf der Grundlage relevanter und aktualisierter Kenntnisse \u00fcber die Bed\u00fcrfnisse, Rechte und Interessen junger Menschen sowie \u00fcber neue Forschungsarbeiten und die verschiedenen Formen und Methoden der Jugendarbeit, die zur Erreichung der Ziele und Ziele eingesetzt werden k\u00f6nnen, entwickelt wird.<\/h3>\t\t\t\t<\/div>\n\t\t\t\t\t<\/div>\n\t\t\t\t<\/a>\n\t\t\t\t<\/div>\n\t\t\t\t<div data-elementor-type=\"loop-item\" data-elementor-id=\"268\" class=\"elementor elementor-268 e-loop-item e-loop-item-420 post-420 bulletpoint type-bulletpoint status-publish hentry category-youth-work-policy\" data-elementor-post-type=\"elementor_library\" data-custom-edit-handle=\"1\">\n\t\t\t<a class=\"elementor-element elementor-element-8fe8e8d e-flex e-con-boxed e-con e-parent\" data-id=\"8fe8e8d\" data-element_type=\"container\" data-e-type=\"container\" href=\"https:\/\/dev.europegoeslocal.eu\/de\/bulletpoint\/is-based-on-clear-and-measurable-qualitative-and-quantitative-indicators-regarding-what-shall-be-achieved-in-relation-to-young-peoples-participation-influence-and-learning\/\">\n\t\t\t\t\t<div class=\"e-con-inner\">\n\t\t\t\t<div class=\"elementor-element elementor-element-89d3300 elementor-widget elementor-widget-theme-post-title elementor-page-title elementor-widget-heading\" data-id=\"89d3300\" data-element_type=\"widget\" data-e-type=\"widget\" data-widget_type=\"theme-post-title.default\">\n\t\t\t\t\t<h3 class=\"elementor-heading-title elementor-size-default\">auf klaren und messbaren qualitativen und quantitativen Indikatoren beruht, was in Bezug auf die Beteiligung, den Einfluss und das Lernen junger Menschen erreicht werden soll.<\/h3>\t\t\t\t<\/div>\n\t\t\t\t\t<\/div>\n\t\t\t\t<\/a>\n\t\t\t\t<\/div>\n\t\t\t\t<div data-elementor-type=\"loop-item\" data-elementor-id=\"268\" class=\"elementor elementor-268 e-loop-item e-loop-item-421 post-421 bulletpoint type-bulletpoint status-publish hentry category-youth-work-policy\" data-elementor-post-type=\"elementor_library\" data-custom-edit-handle=\"1\">\n\t\t\t<a class=\"elementor-element elementor-element-8fe8e8d e-flex e-con-boxed e-con e-parent\" data-id=\"8fe8e8d\" data-element_type=\"container\" data-e-type=\"container\" href=\"https:\/\/dev.europegoeslocal.eu\/de\/bulletpoint\/allocates-resources-that-are-appropriate-in-relation-to-aims\/\">\n\t\t\t\t\t<div class=\"e-con-inner\">\n\t\t\t\t<div class=\"elementor-element elementor-element-89d3300 elementor-widget elementor-widget-theme-post-title elementor-page-title elementor-widget-heading\" data-id=\"89d3300\" data-element_type=\"widget\" data-e-type=\"widget\" data-widget_type=\"theme-post-title.default\">\n\t\t\t\t\t<h3 class=\"elementor-heading-title elementor-size-default\">Zuweisung von Ressourcen, die in Bezug auf die Ziele angemessen sind.<\/h3>\t\t\t\t<\/div>\n\t\t\t\t\t<\/div>\n\t\t\t\t<\/a>\n\t\t\t\t<\/div>\n\t\t\t\t<div data-elementor-type=\"loop-item\" data-elementor-id=\"268\" class=\"elementor elementor-268 e-loop-item e-loop-item-422 post-422 bulletpoint type-bulletpoint status-publish hentry category-youth-work-policy\" data-elementor-post-type=\"elementor_library\" data-custom-edit-handle=\"1\">\n\t\t\t<a class=\"elementor-element elementor-element-8fe8e8d e-flex e-con-boxed e-con e-parent\" data-id=\"8fe8e8d\" data-element_type=\"container\" data-e-type=\"container\" href=\"https:\/\/dev.europegoeslocal.eu\/de\/bulletpoint\/contains-clear-and-politically-approved-local-aims-and-objectives-while-respecting-the-autonomy-of-local-non-governmental-organisations\/\">\n\t\t\t\t\t<div class=\"e-con-inner\">\n\t\t\t\t<div class=\"elementor-element elementor-element-89d3300 elementor-widget elementor-widget-theme-post-title elementor-page-title elementor-widget-heading\" data-id=\"89d3300\" data-element_type=\"widget\" data-e-type=\"widget\" data-widget_type=\"theme-post-title.default\">\n\t\t\t\t\t<h3 class=\"elementor-heading-title elementor-size-default\">enth\u00e4lt klare und politisch anerkannte lokale Ziele und Vorgaben unter Wahrung der Autonomie lokaler Nichtregierungsorganisationen.<\/h3>\t\t\t\t<\/div>\n\t\t\t\t\t<\/div>\n\t\t\t\t<\/a>\n\t\t\t\t<\/div>\n\t\t\t\t<div data-elementor-type=\"loop-item\" data-elementor-id=\"268\" class=\"elementor elementor-268 e-loop-item e-loop-item-423 post-423 bulletpoint type-bulletpoint status-publish hentry category-youth-work-policy\" data-elementor-post-type=\"elementor_library\" data-custom-edit-handle=\"1\">\n\t\t\t<a class=\"elementor-element elementor-element-8fe8e8d e-flex e-con-boxed e-con e-parent\" data-id=\"8fe8e8d\" data-element_type=\"container\" data-e-type=\"container\" href=\"https:\/\/dev.europegoeslocal.eu\/de\/bulletpoint\/is-clearly-positioned-in-relation-to-and-connected-with-broader-youth-policy-on-all-levels-from-local-to-european\/\">\n\t\t\t\t\t<div class=\"e-con-inner\">\n\t\t\t\t<div class=\"elementor-element elementor-element-89d3300 elementor-widget elementor-widget-theme-post-title elementor-page-title elementor-widget-heading\" data-id=\"89d3300\" data-element_type=\"widget\" data-e-type=\"widget\" data-widget_type=\"theme-post-title.default\">\n\t\t\t\t\t<h3 class=\"elementor-heading-title elementor-size-default\">ist in Bezug auf die allgemeine Jugendpolitik auf allen Ebenen, von der lokalen bis zur europ\u00e4ischen, klar positioniert und mit ihr verbunden.<\/h3>\t\t\t\t<\/div>\n\t\t\t\t\t<\/div>\n\t\t\t\t<\/a>\n\t\t\t\t<\/div>\n\t\t\t\t<\/div>\n\t\t\n\t\t\t\t\t\t<\/div>\n\t\t\t\t<\/div>\n\t\t\t\t<\/div>\n\t\t\t\t\t<\/div>\n\t\t\t\t<\/div>\n\t\t<div class=\"elementor-element elementor-element-34108224 e-flex e-con-boxed e-con e-parent\" data-id=\"34108224\" data-element_type=\"container\" data-e-type=\"container\">\n\t\t\t\t\t<div class=\"e-con-inner\">\n\t\t<div class=\"elementor-element elementor-element-752fd4a3 e-con-full e-flex e-con e-child\" data-id=\"752fd4a3\" data-element_type=\"container\" data-e-type=\"container\" id=\"introduction\">\n\t\t\t\t<div class=\"elementor-element elementor-element-289eedf3 elementor-widget elementor-widget-heading\" data-id=\"289eedf3\" data-element_type=\"widget\" data-e-type=\"widget\" data-widget_type=\"heading.default\">\n\t\t\t\t\t<h2 class=\"elementor-heading-title elementor-size-default\">Einleitung<\/h2>\t\t\t\t<\/div>\n\t\t\t\t<div class=\"elementor-element elementor-element-4de9d6e8 elementor-widget__width-initial elementor-widget elementor-widget-text-editor\" data-id=\"4de9d6e8\" data-element_type=\"widget\" data-e-type=\"widget\" data-widget_type=\"text-editor.default\">\n\t\t\t\t\t\t\t\t\t<p>\u201eJugendpolitik\u201c gibt es auf europ\u00e4ischer und nationaler Ebene und h\u00e4ufig auch auf regionaler und lokaler Ebene. \u201eJugendarbeitspolitik\u201c ist in diesen Politikbereichen jedoch nicht immer sehr sichtbar. Manchmal fehlt es v\u00f6llig, manchmal soll es in allgemeinere Texte oder Abschnitte \u00fcber Kultur und Freizeit aufgenommen oder abgedeckt werden. F\u00fcr die Akteure auf lokaler Ebene ist es jedoch aus vielen Gr\u00fcnden wichtig, dass es eine spezifische und klar formulierte kommunale Jugendarbeitspolitik gibt.<\/p><p>Eine klare und gut verankerte Politik zeigt, was von den verschiedenen Akteuren zu erwarten ist, welche Priorit\u00e4ten gesetzt werden und welche Werte gef\u00f6rdert werden sollen. Sie verdeutlicht auch die Rollen und Mandate der Jugendarbeit gegen\u00fcber anderen Akteuren, z. B. der Schule, und ist somit eine notwendige Voraussetzung f\u00fcr eine gut funktionierende sektor\u00fcbergreifende Zusammenarbeit. Nicht zuletzt ist eine klare und stringente Politik notwendig, wenn die \u00f6ffentliche Verwaltung in der Lage sein sollte, Ressourcen bewusst und effizient zu verwalten.<\/p><p>Aus diesem Grund enth\u00e4lt dieser Abschnitt der Charta Aufz\u00e4hlungspunkte sowohl in Bezug auf die Politik als solche als auch auf den Prozess der Politikentwicklung.<\/p><p>Haben Sie einen sch\u00f6nen Prozess! Gehen Sie f\u00fcr Ver\u00e4nderung!<\/p>\t\t\t\t\t\t\t\t<\/div>\n\t\t\t\t<\/div>\n\t\t\t\t\t<\/div>\n\t\t\t\t<\/div>\n\t\t\t\t<\/div>","protected":false},"excerpt":{"rendered":"<p>Grundprinzipien der Jugendarbeit Jugendarbeitspolitik Organisation &amp; Praxis Jugendarbeiter Qualit\u00e4tsentwicklung https:\/\/www.youtube.com\/watch?v=XHOmBV4js_E Beginnen Sie mit dem Anschauen des Videos oder lesen Sie den Text hier!Sie k\u00f6nnen den Text auch hier als PDF herunterladen. Jugendarbeitspolitik Die Jugendarbeitspraxis muss von einer Jugendarbeitspolitik geleitet werden, bei der \u2026 Einf\u00fchrung \u201eJugendpolitik\u201c existiert [\u2026]<\/p>","protected":false},"author":3,"featured_media":0,"parent":299,"menu_order":0,"comment_status":"closed","ping_status":"closed","template":"","meta":{"footnotes":""},"class_list":["post-248","page","type-page","status-publish","hentry"],"yoast_head":"<!-- This site is optimized with the Yoast SEO plugin v27.2 - https:\/\/yoast.com\/product\/yoast-seo-wordpress\/ -->\n<title>Youth work policy - Changemakers kit<\/title>\n<meta name=\"robots\" content=\"noindex, follow, max-snippet:-1, max-image-preview:large, max-video-preview:-1\" \/>\n<meta property=\"og:locale\" content=\"de_DE\" \/>\n<meta property=\"og:type\" content=\"article\" \/>\n<meta property=\"og:title\" content=\"Youth work policy - Changemakers kit\" \/>\n<meta property=\"og:description\" content=\"Core principles of youth work Youth work policy Organisation &amp; practice Youth workers Quality development https:\/\/www.youtube.com\/watch?v=XHOmBV4js_E Start with watching the video or read the text here!You can also download the text as PDF here. Youth Work Policy Youth work practice needs to be guided by a youth work policy that \u2026 Introduction \u2018Youth policy\u2019 exists [&hellip;]\" \/>\n<meta property=\"og:url\" content=\"https:\/\/dev.europegoeslocal.eu\/de\/chapters\/youth-work-policy\/\" \/>\n<meta property=\"og:site_name\" content=\"Changemakers kit\" \/>\n<meta property=\"article:modified_time\" content=\"2026-03-25T09:03:24+00:00\" \/>\n<meta name=\"twitter:card\" content=\"summary_large_image\" \/>\n<meta name=\"twitter:label1\" content=\"Gesch\u00e4tzte Lesezeit\" \/>\n\t<meta name=\"twitter:data1\" content=\"1 minute\" \/>\n<script type=\"application\/ld+json\" class=\"yoast-schema-graph\">{\"@context\":\"https:\/\/schema.org\",\"@graph\":[{\"@type\":\"WebPage\",\"@id\":\"https:\/\/dev.europegoeslocal.eu\/en\/chapters\/youth-work-policy\/\",\"url\":\"https:\/\/dev.europegoeslocal.eu\/en\/chapters\/youth-work-policy\/\",\"name\":\"Youth work policy - Changemakers kit\",\"isPartOf\":{\"@id\":\"https:\/\/dev.europegoeslocal.eu\/#website\"},\"datePublished\":\"2025-06-20T08:47:38+00:00\",\"dateModified\":\"2026-03-25T09:03:24+00:00\",\"breadcrumb\":{\"@id\":\"https:\/\/dev.europegoeslocal.eu\/en\/chapters\/youth-work-policy\/#breadcrumb\"},\"inLanguage\":\"de-DE-formal\",\"potentialAction\":[{\"@type\":\"ReadAction\",\"target\":[\"https:\/\/dev.europegoeslocal.eu\/en\/chapters\/youth-work-policy\/\"]}]},{\"@type\":\"BreadcrumbList\",\"@id\":\"https:\/\/dev.europegoeslocal.eu\/en\/chapters\/youth-work-policy\/#breadcrumb\",\"itemListElement\":[{\"@type\":\"ListItem\",\"position\":1,\"name\":\"Home\",\"item\":\"https:\/\/dev.europegoeslocal.eu\/\"},{\"@type\":\"ListItem\",\"position\":2,\"name\":\"Chapters\",\"item\":\"https:\/\/dev.europegoeslocal.eu\/chapters\/\"},{\"@type\":\"ListItem\",\"position\":3,\"name\":\"Youth work policy\"}]},{\"@type\":\"WebSite\",\"@id\":\"https:\/\/dev.europegoeslocal.eu\/#website\",\"url\":\"https:\/\/dev.europegoeslocal.eu\/\",\"name\":\"Changemakers kit\",\"description\":\"\",\"publisher\":{\"@id\":\"https:\/\/dev.europegoeslocal.eu\/#organization\"},\"potentialAction\":[{\"@type\":\"SearchAction\",\"target\":{\"@type\":\"EntryPoint\",\"urlTemplate\":\"https:\/\/dev.europegoeslocal.eu\/?s={search_term_string}\"},\"query-input\":{\"@type\":\"PropertyValueSpecification\",\"valueRequired\":true,\"valueName\":\"search_term_string\"}}],\"inLanguage\":\"de-DE-formal\"},{\"@type\":\"Organization\",\"@id\":\"https:\/\/dev.europegoeslocal.eu\/#organization\",\"name\":\"Changemakers kit\",\"url\":\"https:\/\/dev.europegoeslocal.eu\/\",\"logo\":{\"@type\":\"ImageObject\",\"inLanguage\":\"de-DE-formal\",\"@id\":\"https:\/\/dev.europegoeslocal.eu\/#\/schema\/logo\/image\/\",\"url\":\"https:\/\/dev.europegoeslocal.eu\/wp-content\/uploads\/2022\/07\/EGL_logo_hor_colour.webp\",\"contentUrl\":\"https:\/\/dev.europegoeslocal.eu\/wp-content\/uploads\/2022\/07\/EGL_logo_hor_colour.webp\",\"width\":374,\"height\":136,\"caption\":\"Changemakers kit\"},\"image\":{\"@id\":\"https:\/\/dev.europegoeslocal.eu\/#\/schema\/logo\/image\/\"}}]}<\/script>\n<!-- \/ Yoast SEO plugin. -->","yoast_head_json":{"title":"Youth work policy - Changemakers kit","robots":{"index":"noindex","follow":"follow","max-snippet":"max-snippet:-1","max-image-preview":"max-image-preview:large","max-video-preview":"max-video-preview:-1"},"og_locale":"de_DE","og_type":"article","og_title":"Youth work policy - Changemakers kit","og_description":"Core principles of youth work Youth work policy Organisation &amp; practice Youth workers Quality development https:\/\/www.youtube.com\/watch?v=XHOmBV4js_E Start with watching the video or read the text here!You can also download the text as PDF here. Youth Work Policy Youth work practice needs to be guided by a youth work policy that \u2026 Introduction \u2018Youth policy\u2019 exists [&hellip;]","og_url":"https:\/\/dev.europegoeslocal.eu\/de\/chapters\/youth-work-policy\/","og_site_name":"Changemakers kit","article_modified_time":"2026-03-25T09:03:24+00:00","twitter_card":"summary_large_image","twitter_misc":{"Gesch\u00e4tzte Lesezeit":"1 minute"},"schema":{"@context":"https:\/\/schema.org","@graph":[{"@type":"WebPage","@id":"https:\/\/dev.europegoeslocal.eu\/en\/chapters\/youth-work-policy\/","url":"https:\/\/dev.europegoeslocal.eu\/en\/chapters\/youth-work-policy\/","name":"Youth work policy - Changemakers kit","isPartOf":{"@id":"https:\/\/dev.europegoeslocal.eu\/#website"},"datePublished":"2025-06-20T08:47:38+00:00","dateModified":"2026-03-25T09:03:24+00:00","breadcrumb":{"@id":"https:\/\/dev.europegoeslocal.eu\/en\/chapters\/youth-work-policy\/#breadcrumb"},"inLanguage":"de-DE-formal","potentialAction":[{"@type":"ReadAction","target":["https:\/\/dev.europegoeslocal.eu\/en\/chapters\/youth-work-policy\/"]}]},{"@type":"BreadcrumbList","@id":"https:\/\/dev.europegoeslocal.eu\/en\/chapters\/youth-work-policy\/#breadcrumb","itemListElement":[{"@type":"ListItem","position":1,"name":"Home","item":"https:\/\/dev.europegoeslocal.eu\/"},{"@type":"ListItem","position":2,"name":"Chapters","item":"https:\/\/dev.europegoeslocal.eu\/chapters\/"},{"@type":"ListItem","position":3,"name":"Youth work policy"}]},{"@type":"WebSite","@id":"https:\/\/dev.europegoeslocal.eu\/#website","url":"https:\/\/dev.europegoeslocal.eu\/","name":"Changemakers kit","description":"","publisher":{"@id":"https:\/\/dev.europegoeslocal.eu\/#organization"},"potentialAction":[{"@type":"SearchAction","target":{"@type":"EntryPoint","urlTemplate":"https:\/\/dev.europegoeslocal.eu\/?s={search_term_string}"},"query-input":{"@type":"PropertyValueSpecification","valueRequired":true,"valueName":"search_term_string"}}],"inLanguage":"de-DE-formal"},{"@type":"Organization","@id":"https:\/\/dev.europegoeslocal.eu\/#organization","name":"Changemakers kit","url":"https:\/\/dev.europegoeslocal.eu\/","logo":{"@type":"ImageObject","inLanguage":"de-DE-formal","@id":"https:\/\/dev.europegoeslocal.eu\/#\/schema\/logo\/image\/","url":"https:\/\/dev.europegoeslocal.eu\/wp-content\/uploads\/2022\/07\/EGL_logo_hor_colour.webp","contentUrl":"https:\/\/dev.europegoeslocal.eu\/wp-content\/uploads\/2022\/07\/EGL_logo_hor_colour.webp","width":374,"height":136,"caption":"Changemakers kit"},"image":{"@id":"https:\/\/dev.europegoeslocal.eu\/#\/schema\/logo\/image\/"}}]}},"_links":{"self":[{"href":"https:\/\/dev.europegoeslocal.eu\/de\/wp-json\/wp\/v2\/pages\/248","targetHints":{"allow":["GET"]}}],"collection":[{"href":"https:\/\/dev.europegoeslocal.eu\/de\/wp-json\/wp\/v2\/pages"}],"about":[{"href":"https:\/\/dev.europegoeslocal.eu\/de\/wp-json\/wp\/v2\/types\/page"}],"author":[{"embeddable":true,"href":"https:\/\/dev.europegoeslocal.eu\/de\/wp-json\/wp\/v2\/users\/3"}],"replies":[{"embeddable":true,"href":"https:\/\/dev.europegoeslocal.eu\/de\/wp-json\/wp\/v2\/comments?post=248"}],"version-history":[{"count":34,"href":"https:\/\/dev.europegoeslocal.eu\/de\/wp-json\/wp\/v2\/pages\/248\/revisions"}],"predecessor-version":[{"id":774,"href":"https:\/\/dev.europegoeslocal.eu\/de\/wp-json\/wp\/v2\/pages\/248\/revisions\/774"}],"up":[{"embeddable":true,"href":"https:\/\/dev.europegoeslocal.eu\/de\/wp-json\/wp\/v2\/pages\/299"}],"wp:attachment":[{"href":"https:\/\/dev.europegoeslocal.eu\/de\/wp-json\/wp\/v2\/media?parent=248"}],"curies":[{"name":"wp","href":"https:\/\/api.w.org\/{rel}","templated":true}]}}